{"id":9,"date":"2019-12-02T12:04:58","date_gmt":"2019-12-02T12:04:58","guid":{"rendered":"https:\/\/jupiterx.artbees.net\/mobile-repair\/?page_id=9"},"modified":"2025-04-22T16:52:03","modified_gmt":"2025-04-22T14:52:03","slug":"services","status":"publish","type":"page","link":"https:\/\/neu.marien-apotheke-dalum.de\/?page_id=9","title":{"rendered":"Leistungen"},"content":{"rendered":"\t\t<div data-elementor-type=\"wp-page\" data-elementor-id=\"9\" class=\"elementor elementor-9\">\n\t\t\t\t\t\t<section class=\"elementor-section elementor-top-section elementor-element elementor-element-a6276ff elementor-section-height-min-height elementor-section-items-stretch elementor-section-boxed elementor-section-height-default\" data-id=\"a6276ff\" data-element_type=\"section\" data-e-type=\"section\" data-settings=\"{&quot;background_background&quot;:&quot;classic&quot;,&quot;shape_divider_bottom&quot;:&quot;triangle-asymmetrical&quot;,&quot;shape_divider_bottom_negative&quot;:&quot;yes&quot;}\">\n\t\t\t\t\t\t\t<div class=\"elementor-background-overlay\"><\/div>\n\t\t\t\t\t\t<div class=\"elementor-shape elementor-shape-bottom\" aria-hidden=\"true\" data-negative=\"true\">\n\t\t\t<svg xmlns=\"http:\/\/www.w3.org\/2000\/svg\" viewBox=\"0 0 1000 100\" preserveAspectRatio=\"none\">\n\t<path class=\"elementor-shape-fill\" d=\"M737.9,94.7L0,0v100h1000V0L737.9,94.7z\"\/>\n<\/svg>\t\t<\/div>\n\t\t\t\t\t<div class=\"elementor-container elementor-column-gap-default\">\n\t\t\t\t\t<div class=\"elementor-column elementor-col-100 elementor-top-column elementor-element elementor-element-77a6cd4\" data-id=\"77a6cd4\" data-element_type=\"column\" data-e-type=\"column\">\n\t\t\t<div class=\"elementor-widget-wrap elementor-element-populated\">\n\t\t\t\t\t\t<div class=\"elementor-element elementor-element-09ffcf6 elementor-mobile-align-center elementor-absolute elementor-align-left elementor-widget elementor-widget-raven-heading\" data-id=\"09ffcf6\" data-element_type=\"widget\" data-e-type=\"widget\" data-settings=\"{&quot;_position&quot;:&quot;absolute&quot;}\" data-widget_type=\"raven-heading.default\">\n\t\t\t\t<div class=\"elementor-widget-container\">\n\t\t\t\t\t\t\t<div class=\"raven-widget-wrapper\"><h1 class=\"raven-heading raven-heading-h1\"><span class=\"raven-heading-title \">Leistungen<\/span><\/h1><\/div>\r\n\t\t\t\t\t\t<\/div>\n\t\t\t\t<\/div>\n\t\t\t\t\t<\/div>\n\t\t<\/div>\n\t\t\t\t\t<\/div>\n\t\t<\/section>\n\t\t\t\t<section class=\"elementor-section elementor-top-section elementor-element elementor-element-62a5da4 elementor-section-boxed elementor-section-height-default elementor-section-height-default\" data-id=\"62a5da4\" data-element_type=\"section\" data-e-type=\"section\">\n\t\t\t\t\t\t<div class=\"elementor-container elementor-column-gap-default\">\n\t\t\t\t\t<div class=\"elementor-column elementor-col-100 elementor-top-column elementor-element elementor-element-27aec13\" data-id=\"27aec13\" data-element_type=\"column\" data-e-type=\"column\">\n\t\t\t<div class=\"elementor-widget-wrap elementor-element-populated\">\n\t\t\t\t\t\t<div class=\"elementor-element elementor-element-a0ef287 elementor-widget elementor-widget-spacer\" data-id=\"a0ef287\" data-element_type=\"widget\" data-e-type=\"widget\" data-widget_type=\"spacer.default\">\n\t\t\t\t<div class=\"elementor-widget-container\">\n\t\t\t\t\t\t\t<div class=\"elementor-spacer\">\n\t\t\t<div class=\"elementor-spacer-inner\"><\/div>\n\t\t<\/div>\n\t\t\t\t\t\t<\/div>\n\t\t\t\t<\/div>\n\t\t\t\t<div class=\"elementor-element elementor-element-3f92538 elementor-widget elementor-widget-toggle\" data-id=\"3f92538\" data-element_type=\"widget\" data-e-type=\"widget\" data-widget_type=\"toggle.default\">\n\t\t\t\t<div class=\"elementor-widget-container\">\n\t\t\t\t\t\t\t<div class=\"elementor-toggle\">\n\t\t\t\t\t\t\t<div class=\"elementor-toggle-item\">\n\t\t\t\t\t<div id=\"elementor-tab-title-6661\" class=\"elementor-tab-title\" data-tab=\"1\" role=\"button\" aria-controls=\"elementor-tab-content-6661\" aria-expanded=\"false\">\n\t\t\t\t\t\t\t\t\t\t\t\t<span class=\"elementor-toggle-icon elementor-toggle-icon-left\" aria-hidden=\"true\">\n\t\t\t\t\t\t\t\t\t\t\t\t\t\t\t<span class=\"elementor-toggle-icon-closed\"><i class=\"fas fa-caret-right\"><\/i><\/span>\n\t\t\t\t\t\t\t\t<span class=\"elementor-toggle-icon-opened\"><i class=\"elementor-toggle-icon-opened fas fa-caret-up\"><\/i><\/span>\n\t\t\t\t\t\t\t\t\t\t\t\t\t<\/span>\n\t\t\t\t\t\t\t\t\t\t\t\t<a class=\"elementor-toggle-title\" tabindex=\"0\">Anmessung von Kompressionsstr\u00fcmpfen, Bandagen uvm.<\/a>\n\t\t\t\t\t<\/div>\n\n\t\t\t\t\t<div id=\"elementor-tab-content-6661\" class=\"elementor-tab-content elementor-clearfix\" data-tab=\"1\" role=\"region\" aria-labelledby=\"elementor-tab-title-6661\"><div class=\"content\"><p>\u00a0<\/p><p><img fetchpriority=\"high\" decoding=\"async\" class=\"size-medium wp-image-991 alignnone\" src=\"https:\/\/neu.marien-apotheke-dalum.de\/wp-content\/uploads\/2021\/10\/tape-measure-gab3377c7f_1920-300x200.jpg\" alt=\"\" width=\"300\" height=\"200\" srcset=\"https:\/\/neu.marien-apotheke-dalum.de\/wp-content\/uploads\/2021\/10\/tape-measure-gab3377c7f_1920-300x200.jpg 300w, https:\/\/neu.marien-apotheke-dalum.de\/wp-content\/uploads\/2021\/10\/tape-measure-gab3377c7f_1920-1024x683.jpg 1024w, https:\/\/neu.marien-apotheke-dalum.de\/wp-content\/uploads\/2021\/10\/tape-measure-gab3377c7f_1920-768x512.jpg 768w, https:\/\/neu.marien-apotheke-dalum.de\/wp-content\/uploads\/2021\/10\/tape-measure-gab3377c7f_1920-1536x1024.jpg 1536w, https:\/\/neu.marien-apotheke-dalum.de\/wp-content\/uploads\/2021\/10\/tape-measure-gab3377c7f_1920-600x400.jpg 600w, https:\/\/neu.marien-apotheke-dalum.de\/wp-content\/uploads\/2021\/10\/tape-measure-gab3377c7f_1920.jpg 1920w\" sizes=\"(max-width: 300px) 100vw, 300px\" \/><\/p><p>Genau wie die Sanit\u00e4tsh\u00e4user messen wir Ihnen Ihre Kompressionsstr\u00fcmpfe, Bandagen etc. individuell an. <br \/>(Damit Kompressionsstr\u00fcmpfe sp\u00e4ter optimal sitzen, nimmt man die Messung am besten am fr\u00fchen Vormittag vor.) <br \/>Haben Sie ein Rezept vom Arzt? Dann \u00fcbernimmt den Gro\u00dfteil der Kosten Ihre Krankenkasse.<\/p><p><strong><span style=\"color: #008080;\"><a style=\"color: #008080;\" href=\"https:\/\/neu.marien-apotheke-dalum.de\/?page_id=12\">Jetzt Termin vereinbaren<\/a><\/span><\/strong><\/p><\/div><\/div>\n\t\t\t\t<\/div>\n\t\t\t\t\t\t\t<div class=\"elementor-toggle-item\">\n\t\t\t\t\t<div id=\"elementor-tab-title-6662\" class=\"elementor-tab-title\" data-tab=\"2\" role=\"button\" aria-controls=\"elementor-tab-content-6662\" aria-expanded=\"false\">\n\t\t\t\t\t\t\t\t\t\t\t\t<span class=\"elementor-toggle-icon elementor-toggle-icon-left\" aria-hidden=\"true\">\n\t\t\t\t\t\t\t\t\t\t\t\t\t\t\t<span class=\"elementor-toggle-icon-closed\"><i class=\"fas fa-caret-right\"><\/i><\/span>\n\t\t\t\t\t\t\t\t<span class=\"elementor-toggle-icon-opened\"><i class=\"elementor-toggle-icon-opened fas fa-caret-up\"><\/i><\/span>\n\t\t\t\t\t\t\t\t\t\t\t\t\t<\/span>\n\t\t\t\t\t\t\t\t\t\t\t\t<a class=\"elementor-toggle-title\" tabindex=\"0\">Blutdruckmessung<\/a>\n\t\t\t\t\t<\/div>\n\n\t\t\t\t\t<div id=\"elementor-tab-content-6662\" class=\"elementor-tab-content elementor-clearfix\" data-tab=\"2\" role=\"region\" aria-labelledby=\"elementor-tab-title-6662\"><p><img decoding=\"async\" class=\"size-medium wp-image-1120 alignnone\" src=\"https:\/\/neu.marien-apotheke-dalum.de\/wp-content\/uploads\/2022\/01\/blood-pressure-g35fff652d_1920-300x225.jpg\" alt=\"\" width=\"300\" height=\"225\" srcset=\"https:\/\/neu.marien-apotheke-dalum.de\/wp-content\/uploads\/2022\/01\/blood-pressure-g35fff652d_1920-300x225.jpg 300w, https:\/\/neu.marien-apotheke-dalum.de\/wp-content\/uploads\/2022\/01\/blood-pressure-g35fff652d_1920-1024x768.jpg 1024w, https:\/\/neu.marien-apotheke-dalum.de\/wp-content\/uploads\/2022\/01\/blood-pressure-g35fff652d_1920-768x576.jpg 768w, https:\/\/neu.marien-apotheke-dalum.de\/wp-content\/uploads\/2022\/01\/blood-pressure-g35fff652d_1920-1536x1152.jpg 1536w, https:\/\/neu.marien-apotheke-dalum.de\/wp-content\/uploads\/2022\/01\/blood-pressure-g35fff652d_1920-600x450.jpg 600w, https:\/\/neu.marien-apotheke-dalum.de\/wp-content\/uploads\/2022\/01\/blood-pressure-g35fff652d_1920.jpg 1920w\" sizes=\"(max-width: 300px) 100vw, 300px\" \/><\/p><p>Kommen Sie gern zu uns in die Apotheke, um vor Ort Ihren Blutdruck messen zu lassen. Gerne beraten wir Sie auch zum korrekten Messen zu Hause und empfehlen Ihnen ein geeignetes Messger\u00e4t.<\/p><\/div>\n\t\t\t\t<\/div>\n\t\t\t\t\t\t\t<div class=\"elementor-toggle-item\">\n\t\t\t\t\t<div id=\"elementor-tab-title-6663\" class=\"elementor-tab-title\" data-tab=\"3\" role=\"button\" aria-controls=\"elementor-tab-content-6663\" aria-expanded=\"false\">\n\t\t\t\t\t\t\t\t\t\t\t\t<span class=\"elementor-toggle-icon elementor-toggle-icon-left\" aria-hidden=\"true\">\n\t\t\t\t\t\t\t\t\t\t\t\t\t\t\t<span class=\"elementor-toggle-icon-closed\"><i class=\"fas fa-caret-right\"><\/i><\/span>\n\t\t\t\t\t\t\t\t<span class=\"elementor-toggle-icon-opened\"><i class=\"elementor-toggle-icon-opened fas fa-caret-up\"><\/i><\/span>\n\t\t\t\t\t\t\t\t\t\t\t\t\t<\/span>\n\t\t\t\t\t\t\t\t\t\t\t\t<a class=\"elementor-toggle-title\" tabindex=\"0\">Botendienst<\/a>\n\t\t\t\t\t<\/div>\n\n\t\t\t\t\t<div id=\"elementor-tab-content-6663\" class=\"elementor-tab-content elementor-clearfix\" data-tab=\"3\" role=\"region\" aria-labelledby=\"elementor-tab-title-6663\"><p><img decoding=\"async\" class=\"size-medium wp-image-1429 alignnone\" src=\"https:\/\/neu.marien-apotheke-dalum.de\/wp-content\/uploads\/2022\/07\/botendienst-300x300.jpg\" alt=\"\" width=\"300\" height=\"300\" srcset=\"https:\/\/neu.marien-apotheke-dalum.de\/wp-content\/uploads\/2022\/07\/botendienst-300x300.jpg 300w, https:\/\/neu.marien-apotheke-dalum.de\/wp-content\/uploads\/2022\/07\/botendienst-1024x1024.jpg 1024w, https:\/\/neu.marien-apotheke-dalum.de\/wp-content\/uploads\/2022\/07\/botendienst-150x150.jpg 150w, https:\/\/neu.marien-apotheke-dalum.de\/wp-content\/uploads\/2022\/07\/botendienst-768x768.jpg 768w, https:\/\/neu.marien-apotheke-dalum.de\/wp-content\/uploads\/2022\/07\/botendienst-500x500.jpg 500w, https:\/\/neu.marien-apotheke-dalum.de\/wp-content\/uploads\/2022\/07\/botendienst-600x600.jpg 600w, https:\/\/neu.marien-apotheke-dalum.de\/wp-content\/uploads\/2022\/07\/botendienst-100x100.jpg 100w, https:\/\/neu.marien-apotheke-dalum.de\/wp-content\/uploads\/2022\/07\/botendienst.jpg 1080w\" sizes=\"(max-width: 300px) 100vw, 300px\" \/><\/p><p>Sie sind krank und schaffen es nicht selbst in die Apotheke zu kommen?<br \/>Ihr Kind ist krank und Sie k\u00f6nnen nicht zur Apotheke kommen, weil Sie es betreuen m\u00fcssen?<br \/>Sie f\u00fchlen sich unsicher im Stra\u00dfenverkehr, sind nicht mehr so gut zu Fu\u00df oder das Wetter ist einfach zu schlecht?<\/p><p><strong>Wir sind schneller als das Internet !<\/strong><\/p><p>Einfach bis 12 Uhr telefonisch oder per App bestellen und unser Botendienst stellt Ihnen die Medikamente am gleichen Tag ab 16 Uhr zu (wenn lieferbar).<br \/>Sie k\u00f6nnen an der Haust\u00fcr bar oder bequem per EC- oder Kreditkarte zahlen.<\/p><p>Und damit Sie sich auch sicher sein k\u00f6nnen wem Sie dir T\u00fcr \u00f6ffnen, sind unsere Fahrer mit dem roten Apothekenauto unterwegs.<\/p><\/div>\n\t\t\t\t<\/div>\n\t\t\t\t\t\t\t<div class=\"elementor-toggle-item\">\n\t\t\t\t\t<div id=\"elementor-tab-title-6664\" class=\"elementor-tab-title\" data-tab=\"4\" role=\"button\" aria-controls=\"elementor-tab-content-6664\" aria-expanded=\"false\">\n\t\t\t\t\t\t\t\t\t\t\t\t<span class=\"elementor-toggle-icon elementor-toggle-icon-left\" aria-hidden=\"true\">\n\t\t\t\t\t\t\t\t\t\t\t\t\t\t\t<span class=\"elementor-toggle-icon-closed\"><i class=\"fas fa-caret-right\"><\/i><\/span>\n\t\t\t\t\t\t\t\t<span class=\"elementor-toggle-icon-opened\"><i class=\"elementor-toggle-icon-opened fas fa-caret-up\"><\/i><\/span>\n\t\t\t\t\t\t\t\t\t\t\t\t\t<\/span>\n\t\t\t\t\t\t\t\t\t\t\t\t<a class=\"elementor-toggle-title\" tabindex=\"0\">EC- und Kreditkartenzahlung<\/a>\n\t\t\t\t\t<\/div>\n\n\t\t\t\t\t<div id=\"elementor-tab-content-6664\" class=\"elementor-tab-content elementor-clearfix\" data-tab=\"4\" role=\"region\" aria-labelledby=\"elementor-tab-title-6664\"><p><img loading=\"lazy\" decoding=\"async\" class=\"size-medium wp-image-983 alignnone\" src=\"https:\/\/neu.marien-apotheke-dalum.de\/wp-content\/uploads\/2021\/10\/ec-cash-g08bc1284b_1920-300x200.jpg\" alt=\"\" width=\"300\" height=\"200\" srcset=\"https:\/\/neu.marien-apotheke-dalum.de\/wp-content\/uploads\/2021\/10\/ec-cash-g08bc1284b_1920-300x200.jpg 300w, https:\/\/neu.marien-apotheke-dalum.de\/wp-content\/uploads\/2021\/10\/ec-cash-g08bc1284b_1920-1024x683.jpg 1024w, https:\/\/neu.marien-apotheke-dalum.de\/wp-content\/uploads\/2021\/10\/ec-cash-g08bc1284b_1920-768x512.jpg 768w, https:\/\/neu.marien-apotheke-dalum.de\/wp-content\/uploads\/2021\/10\/ec-cash-g08bc1284b_1920-1536x1024.jpg 1536w, https:\/\/neu.marien-apotheke-dalum.de\/wp-content\/uploads\/2021\/10\/ec-cash-g08bc1284b_1920-600x400.jpg 600w, https:\/\/neu.marien-apotheke-dalum.de\/wp-content\/uploads\/2021\/10\/ec-cash-g08bc1284b_1920.jpg 1920w\" sizes=\"(max-width: 300px) 100vw, 300px\" \/><\/p><p>Wir akzeptieren neben den \u00fcblichen EC-Karten auch alle Arten von Kreditkarten.<\/p><\/div>\n\t\t\t\t<\/div>\n\t\t\t\t\t\t\t<div class=\"elementor-toggle-item\">\n\t\t\t\t\t<div id=\"elementor-tab-title-6665\" class=\"elementor-tab-title\" data-tab=\"5\" role=\"button\" aria-controls=\"elementor-tab-content-6665\" aria-expanded=\"false\">\n\t\t\t\t\t\t\t\t\t\t\t\t<span class=\"elementor-toggle-icon elementor-toggle-icon-left\" aria-hidden=\"true\">\n\t\t\t\t\t\t\t\t\t\t\t\t\t\t\t<span class=\"elementor-toggle-icon-closed\"><i class=\"fas fa-caret-right\"><\/i><\/span>\n\t\t\t\t\t\t\t\t<span class=\"elementor-toggle-icon-opened\"><i class=\"elementor-toggle-icon-opened fas fa-caret-up\"><\/i><\/span>\n\t\t\t\t\t\t\t\t\t\t\t\t\t<\/span>\n\t\t\t\t\t\t\t\t\t\t\t\t<a class=\"elementor-toggle-title\" tabindex=\"0\">Entsorgung von Altarzneimitteln<\/a>\n\t\t\t\t\t<\/div>\n\n\t\t\t\t\t<div id=\"elementor-tab-content-6665\" class=\"elementor-tab-content elementor-clearfix\" data-tab=\"5\" role=\"region\" aria-labelledby=\"elementor-tab-title-6665\"><p><img loading=\"lazy\" decoding=\"async\" class=\"size-medium wp-image-986 alignnone\" src=\"https:\/\/neu.marien-apotheke-dalum.de\/wp-content\/uploads\/2021\/10\/headache-ga4c39ab09_1920-300x200.jpg\" alt=\"\" width=\"300\" height=\"200\" srcset=\"https:\/\/neu.marien-apotheke-dalum.de\/wp-content\/uploads\/2021\/10\/headache-ga4c39ab09_1920-300x200.jpg 300w, https:\/\/neu.marien-apotheke-dalum.de\/wp-content\/uploads\/2021\/10\/headache-ga4c39ab09_1920-1024x683.jpg 1024w, https:\/\/neu.marien-apotheke-dalum.de\/wp-content\/uploads\/2021\/10\/headache-ga4c39ab09_1920-768x512.jpg 768w, https:\/\/neu.marien-apotheke-dalum.de\/wp-content\/uploads\/2021\/10\/headache-ga4c39ab09_1920-1536x1024.jpg 1536w, https:\/\/neu.marien-apotheke-dalum.de\/wp-content\/uploads\/2021\/10\/headache-ga4c39ab09_1920-600x400.jpg 600w, https:\/\/neu.marien-apotheke-dalum.de\/wp-content\/uploads\/2021\/10\/headache-ga4c39ab09_1920.jpg 1920w\" sizes=\"(max-width: 300px) 100vw, 300px\" \/><\/p><p>Arzneimittel haben nur eine begrentzte Haltbarkeit und sollten nach dem Verfallsdatum nicht mehr verwendet werden, da sie Ihre Wirkung nicht mehr entfalten und eventuell sogar sch\u00e4dlich wirken k\u00f6nnen.<br \/>\u00dcberpr\u00fcfen Sie deshalb regelm\u00e4\u00dfig Ihre Hausapotheke.<br \/>F\u00fcr den Fall, dass Sie verdorbene oder verfallende Arzneimittel besitzen und sich unsicher sind, wie Sie diese entsorgen k\u00f6nnen, bringen Sie die Arzneimittel bei Ihrem n\u00e4chsten Besuch einfach mit in die Apotheke. Wir k\u00fcmmern uns um eine fachgerechte Entsorgung.<\/p><\/div>\n\t\t\t\t<\/div>\n\t\t\t\t\t\t\t<div class=\"elementor-toggle-item\">\n\t\t\t\t\t<div id=\"elementor-tab-title-6666\" class=\"elementor-tab-title\" data-tab=\"6\" role=\"button\" aria-controls=\"elementor-tab-content-6666\" aria-expanded=\"false\">\n\t\t\t\t\t\t\t\t\t\t\t\t<span class=\"elementor-toggle-icon elementor-toggle-icon-left\" aria-hidden=\"true\">\n\t\t\t\t\t\t\t\t\t\t\t\t\t\t\t<span class=\"elementor-toggle-icon-closed\"><i class=\"fas fa-caret-right\"><\/i><\/span>\n\t\t\t\t\t\t\t\t<span class=\"elementor-toggle-icon-opened\"><i class=\"elementor-toggle-icon-opened fas fa-caret-up\"><\/i><\/span>\n\t\t\t\t\t\t\t\t\t\t\t\t\t<\/span>\n\t\t\t\t\t\t\t\t\t\t\t\t<a class=\"elementor-toggle-title\" tabindex=\"0\">individuelle Rezepturen<\/a>\n\t\t\t\t\t<\/div>\n\n\t\t\t\t\t<div id=\"elementor-tab-content-6666\" class=\"elementor-tab-content elementor-clearfix\" data-tab=\"6\" role=\"region\" aria-labelledby=\"elementor-tab-title-6666\"><p><img loading=\"lazy\" decoding=\"async\" class=\"size-medium wp-image-1430 alignnone\" src=\"https:\/\/neu.marien-apotheke-dalum.de\/wp-content\/uploads\/2022\/07\/rezeptur-300x300.jpg\" alt=\"\" width=\"300\" height=\"300\" srcset=\"https:\/\/neu.marien-apotheke-dalum.de\/wp-content\/uploads\/2022\/07\/rezeptur-300x300.jpg 300w, https:\/\/neu.marien-apotheke-dalum.de\/wp-content\/uploads\/2022\/07\/rezeptur-1024x1024.jpg 1024w, https:\/\/neu.marien-apotheke-dalum.de\/wp-content\/uploads\/2022\/07\/rezeptur-150x150.jpg 150w, https:\/\/neu.marien-apotheke-dalum.de\/wp-content\/uploads\/2022\/07\/rezeptur-768x768.jpg 768w, https:\/\/neu.marien-apotheke-dalum.de\/wp-content\/uploads\/2022\/07\/rezeptur-500x500.jpg 500w, https:\/\/neu.marien-apotheke-dalum.de\/wp-content\/uploads\/2022\/07\/rezeptur-600x600.jpg 600w, https:\/\/neu.marien-apotheke-dalum.de\/wp-content\/uploads\/2022\/07\/rezeptur-100x100.jpg 100w, https:\/\/neu.marien-apotheke-dalum.de\/wp-content\/uploads\/2022\/07\/rezeptur.jpg 1080w\" sizes=\"(max-width: 300px) 100vw, 300px\" \/><\/p><p>Auf Verordnung des Arztes oder gern auch auf Kundenwunsch stellen wir in unserer Apotheke individuelle Arzneirezepturen her.<\/p><p>Diese Rezepturen werden speziell nur f\u00fcr Sie durch unser pharmazeutisch ausgebildetes Personal (Apotheker, PTA) unter hohen Qualit\u00e4ts- und Hygienestandards hergestellt.<\/p><\/div>\n\t\t\t\t<\/div>\n\t\t\t\t\t\t\t<div class=\"elementor-toggle-item\">\n\t\t\t\t\t<div id=\"elementor-tab-title-6667\" class=\"elementor-tab-title\" data-tab=\"7\" role=\"button\" aria-controls=\"elementor-tab-content-6667\" aria-expanded=\"false\">\n\t\t\t\t\t\t\t\t\t\t\t\t<span class=\"elementor-toggle-icon elementor-toggle-icon-left\" aria-hidden=\"true\">\n\t\t\t\t\t\t\t\t\t\t\t\t\t\t\t<span class=\"elementor-toggle-icon-closed\"><i class=\"fas fa-caret-right\"><\/i><\/span>\n\t\t\t\t\t\t\t\t<span class=\"elementor-toggle-icon-opened\"><i class=\"elementor-toggle-icon-opened fas fa-caret-up\"><\/i><\/span>\n\t\t\t\t\t\t\t\t\t\t\t\t\t<\/span>\n\t\t\t\t\t\t\t\t\t\t\t\t<a class=\"elementor-toggle-title\" tabindex=\"0\">Inkontinenzversorgung<\/a>\n\t\t\t\t\t<\/div>\n\n\t\t\t\t\t<div id=\"elementor-tab-content-6667\" class=\"elementor-tab-content elementor-clearfix\" data-tab=\"7\" role=\"region\" aria-labelledby=\"elementor-tab-title-6667\"><p class=\"western\">Inkontinenz kann jeden treffen und ist kein Tabu-Thema!<\/p><p>Dabei kann es sich um eine leichte Blasenschw\u00e4che oder auch um eine absolute Harn-und Stuhlinkontinenz handeln.<br \/>Unser Ziel ist eine angemessene Versorgung. Sprechen sie uns an, wir beraten Sie diskret in unserem Beratungsraum!<\/p><p>Im pers\u00f6nlichen Gespr\u00e4ch bem\u00fchen wir uns, die Schwere Ihrer Inkontinenz einzusch\u00e4tzen und versorgen Sie mit Mustern entsprechend unseren Erfahrungen, die Sie in Ruhe zu Hause ausprobieren k\u00f6nnen.<\/p><p>Sie haben eine Verordnung von Ihrem Arzt erhalten?<br \/>Wir k\u00fcmmern uns selbstverst\u00e4ndlich um das ben\u00f6tigte Genehmigungsverfahren.<\/p><p class=\"western\"><strong>Sprechen Sie uns jederzeit an. Wir sind f\u00fcr Sie da!<\/strong><\/p><\/div>\n\t\t\t\t<\/div>\n\t\t\t\t\t\t\t<div class=\"elementor-toggle-item\">\n\t\t\t\t\t<div id=\"elementor-tab-title-6668\" class=\"elementor-tab-title\" data-tab=\"8\" role=\"button\" aria-controls=\"elementor-tab-content-6668\" aria-expanded=\"false\">\n\t\t\t\t\t\t\t\t\t\t\t\t<span class=\"elementor-toggle-icon elementor-toggle-icon-left\" aria-hidden=\"true\">\n\t\t\t\t\t\t\t\t\t\t\t\t\t\t\t<span class=\"elementor-toggle-icon-closed\"><i class=\"fas fa-caret-right\"><\/i><\/span>\n\t\t\t\t\t\t\t\t<span class=\"elementor-toggle-icon-opened\"><i class=\"elementor-toggle-icon-opened fas fa-caret-up\"><\/i><\/span>\n\t\t\t\t\t\t\t\t\t\t\t\t\t<\/span>\n\t\t\t\t\t\t\t\t\t\t\t\t<a class=\"elementor-toggle-title\" tabindex=\"0\">Kundenkarte<\/a>\n\t\t\t\t\t<\/div>\n\n\t\t\t\t\t<div id=\"elementor-tab-content-6668\" class=\"elementor-tab-content elementor-clearfix\" data-tab=\"8\" role=\"region\" aria-labelledby=\"elementor-tab-title-6668\"><p>Mit Ihrer pers\u00f6nlichen Kundenkarte bieten wir Ihnen ein attraktives Serviceangebot.. nat\u00fcrlich kostenlos!<\/p><ul><li><strong>Hausrabatt<\/strong><br \/>Sie erhalten bei uns 3% Rabatt auf alle freiverk\u00e4uflichen Pr\u00e4parate (ausgenommen sind verschreibungspflichtige Arzneimittel, Zuzahlungen\/Mehrkosten und Rezepte)<\/li><li><strong>Befreiungsbescheid<\/strong><br \/>Ihren Befreiungsausweis legen Sie als Kundenkarten-Inhaber nur einmal vor \u2013 Ihre Befreiung ist dann bei uns gespeichert.<\/li><li><strong>Sammelquittung<\/strong><br \/>Als Kundenkarten-Inhaber erhalten Sie von uns jederzeit gerne eine Zuzahlungsquittung als Nachweis f\u00fcr die gesetzliche Krankenkasse oder eine Gesamtquittung f\u00fcrs Finanzamt bzw. die private Krankenkasse. <br \/>Wann immer Sie es ben\u00f6tigen \u2013 am Jahresende oder zwischendurch.<\/li><li><strong>Arzneimittelsicherheit<\/strong><br \/>Durch die Erfassung Ihrer Medikation auf der Kundenkarte haben wir den \u00dcberblick. So werden falsche Bestellungen vermieden und Wechselwirkungen Ihrer Arzneimittel untereinander und mit Lebensmitteln k\u00f6nnen besser ausgeschlossen werden. Au\u00dferdem informieren wir Sie, wenn es neue Erkenntnisse oder auch R\u00fcckrufe von Arzneimitteln gibt.<\/li><li><strong>Arzneimittelged\u00e4chtnis<\/strong><br \/>Was hat letztes Mal geholfen? <br \/>Kein Problem, wenn Sie den Medikamentennamen nicht mehr wissen \u2013 wir haben ihn f\u00fcr Sie gespeichert. Und alles, was Sie dauerhaft ben\u00f6tigen, k\u00f6nnen wir immer rechtzeitig nachbestellen und f\u00fcr Sie vorr\u00e4tig halten.<\/li><\/ul><p>Haben Sie fragen zur Kundenkarte?<br \/>Schauen Sie einfach bei uns vorbei, wir beraten Sie gern!<\/p><\/div>\n\t\t\t\t<\/div>\n\t\t\t\t\t\t\t<div class=\"elementor-toggle-item\">\n\t\t\t\t\t<div id=\"elementor-tab-title-6669\" class=\"elementor-tab-title\" data-tab=\"9\" role=\"button\" aria-controls=\"elementor-tab-content-6669\" aria-expanded=\"false\">\n\t\t\t\t\t\t\t\t\t\t\t\t<span class=\"elementor-toggle-icon elementor-toggle-icon-left\" aria-hidden=\"true\">\n\t\t\t\t\t\t\t\t\t\t\t\t\t\t\t<span class=\"elementor-toggle-icon-closed\"><i class=\"fas fa-caret-right\"><\/i><\/span>\n\t\t\t\t\t\t\t\t<span class=\"elementor-toggle-icon-opened\"><i class=\"elementor-toggle-icon-opened fas fa-caret-up\"><\/i><\/span>\n\t\t\t\t\t\t\t\t\t\t\t\t\t<\/span>\n\t\t\t\t\t\t\t\t\t\t\t\t<a class=\"elementor-toggle-title\" tabindex=\"0\">Pflegehilfsmittel<\/a>\n\t\t\t\t\t<\/div>\n\n\t\t\t\t\t<div id=\"elementor-tab-content-6669\" class=\"elementor-tab-content elementor-clearfix\" data-tab=\"9\" role=\"region\" aria-labelledby=\"elementor-tab-title-6669\"><p><img loading=\"lazy\" decoding=\"async\" class=\"size-medium wp-image-985 alignnone\" src=\"https:\/\/neu.marien-apotheke-dalum.de\/wp-content\/uploads\/2021\/10\/hand-disinfection-gd622c8ce6_1920-300x200.jpg\" alt=\"\" width=\"300\" height=\"200\" srcset=\"https:\/\/neu.marien-apotheke-dalum.de\/wp-content\/uploads\/2021\/10\/hand-disinfection-gd622c8ce6_1920-300x200.jpg 300w, https:\/\/neu.marien-apotheke-dalum.de\/wp-content\/uploads\/2021\/10\/hand-disinfection-gd622c8ce6_1920-1024x683.jpg 1024w, https:\/\/neu.marien-apotheke-dalum.de\/wp-content\/uploads\/2021\/10\/hand-disinfection-gd622c8ce6_1920-768x512.jpg 768w, https:\/\/neu.marien-apotheke-dalum.de\/wp-content\/uploads\/2021\/10\/hand-disinfection-gd622c8ce6_1920-1536x1024.jpg 1536w, https:\/\/neu.marien-apotheke-dalum.de\/wp-content\/uploads\/2021\/10\/hand-disinfection-gd622c8ce6_1920-600x400.jpg 600w, https:\/\/neu.marien-apotheke-dalum.de\/wp-content\/uploads\/2021\/10\/hand-disinfection-gd622c8ce6_1920.jpg 1920w\" sizes=\"(max-width: 300px) 100vw, 300px\" \/><\/p><p>Ab Pflegestufe 1 stehen dem Betroffenen 40,- Euro\u00a0 im Monat f\u00fcr Pflegehilfsmittel von seiner Pflegekasse zu. <br \/>Bei uns bekommen Sie das passende Formular, das unterschrieben bei der Krankenkasse eingereicht werden muss. Nach Genehmigung k\u00f6nnen Sie dann bei uns monatlich die ben\u00f6tigten Pflegehilfsmittel abholen. <br \/>Dazu z\u00e4hlen: Handschuhe, Bettschutzeinlagen (einmal- und wiederverwendbar), Mundschutz, H\u00e4ndedesinfektionsmittel, Fl\u00e4chendesinfektionsmittel, Fingerlinge, Schutzsch\u00fcrzen<\/p><p>Sie haben fragen? Besuchen Sie uns einfach in der Apotheke oder rufen Sie an. <br \/>Wir beraten Sie gern.<\/p><\/div>\n\t\t\t\t<\/div>\n\t\t\t\t\t\t\t<div class=\"elementor-toggle-item\">\n\t\t\t\t\t<div id=\"elementor-tab-title-66610\" class=\"elementor-tab-title\" data-tab=\"10\" role=\"button\" aria-controls=\"elementor-tab-content-66610\" aria-expanded=\"false\">\n\t\t\t\t\t\t\t\t\t\t\t\t<span class=\"elementor-toggle-icon elementor-toggle-icon-left\" aria-hidden=\"true\">\n\t\t\t\t\t\t\t\t\t\t\t\t\t\t\t<span class=\"elementor-toggle-icon-closed\"><i class=\"fas fa-caret-right\"><\/i><\/span>\n\t\t\t\t\t\t\t\t<span class=\"elementor-toggle-icon-opened\"><i class=\"elementor-toggle-icon-opened fas fa-caret-up\"><\/i><\/span>\n\t\t\t\t\t\t\t\t\t\t\t\t\t<\/span>\n\t\t\t\t\t\t\t\t\t\t\t\t<a class=\"elementor-toggle-title\" tabindex=\"0\">pharmazeutische Dienstleistungen<\/a>\n\t\t\t\t\t<\/div>\n\n\t\t\t\t\t<div id=\"elementor-tab-content-66610\" class=\"elementor-tab-content elementor-clearfix\" data-tab=\"10\" role=\"region\" aria-labelledby=\"elementor-tab-title-66610\"><div id=\"badger-accordion-panel-131609\" class=\"c-accordion__panel js-badger-accordion-panel -ba-is-active\" role=\"region\" aria-labelledby=\"badger-accordion-header-131609\"><p>\u00a0<\/p><div class=\"c-accordion__panel-inner text-module js-badger-accordion-panel-inner\"><div id=\"c5254\" class=\"u-space-b:default c-text \"><div class=\"u-space-b:default c-text--one-column\"><div class=\"o-grid__row\"><div class=\"c-text o-grid__col--offset:1 o-grid__col--offset:3@big o-grid__col:10 o-grid__col:8@big\"><p>Anspruchsberechtigt sind:<\/p><ul><li>Erwachsene und Kinder ab 6 Jahren mit Neuverordnung von Inhalatoren<\/li><li>Erwachsene und Kinder ab 6 Jahren, die w\u00e4hrend der letzten 12 Monate<br \/>laut Selbstauskunft keine Einweisung mit praktischer \u00dcbung mit dem<br \/>entsprechenden Inhalator in einer Arztpraxis oder Apotheke erhalten<br \/>haben und laut Selbstauskunft nicht in ein Disease-Management-Programm<br \/>(DMP) Asthma oder COPD eingeschrieben sind<\/li><\/ul><\/div><\/div><\/div><\/div><\/div><\/div><\/div>\n\t\t\t\t<\/div>\n\t\t\t\t\t\t\t<div class=\"elementor-toggle-item\">\n\t\t\t\t\t<div id=\"elementor-tab-title-66611\" class=\"elementor-tab-title\" data-tab=\"11\" role=\"button\" aria-controls=\"elementor-tab-content-66611\" aria-expanded=\"false\">\n\t\t\t\t\t\t\t\t\t\t\t\t<span class=\"elementor-toggle-icon elementor-toggle-icon-left\" aria-hidden=\"true\">\n\t\t\t\t\t\t\t\t\t\t\t\t\t\t\t<span class=\"elementor-toggle-icon-closed\"><i class=\"fas fa-caret-right\"><\/i><\/span>\n\t\t\t\t\t\t\t\t<span class=\"elementor-toggle-icon-opened\"><i class=\"elementor-toggle-icon-opened fas fa-caret-up\"><\/i><\/span>\n\t\t\t\t\t\t\t\t\t\t\t\t\t<\/span>\n\t\t\t\t\t\t\t\t\t\t\t\t<a class=\"elementor-toggle-title\" tabindex=\"0\">Verleih<\/a>\n\t\t\t\t\t<\/div>\n\n\t\t\t\t\t<div id=\"elementor-tab-content-66611\" class=\"elementor-tab-content elementor-clearfix\" data-tab=\"11\" role=\"region\" aria-labelledby=\"elementor-tab-title-66611\"><p class=\"p3\"><span class=\"s1\"><strong>Sie ben\u00f6tigen eine Milchpumpe?<\/strong> <br \/>Kommen Sie vorbei, wir haben elektrische Milchpumpen von Medela zum Verleih an Lager.<br \/><\/span><span class=\"s1\">Wir ben\u00f6tigen von Ihnen e<\/span><span class=\"s1\">inen Personalausweis und <\/span><span class=\"s1\">50\u20ac Kaution.<br \/><\/span><span class=\"s1\">Oft stellt der Frauen- oder Kinderarzt ein Rezept f\u00fcr den Verleih aus. Mit diesem Rezept k\u00f6nnen Sie die Milchpumpe i.d. R. 28 Tage kostenlos bei uns ausleihen. Sollten Sie die Pumpe l\u00e4nger ben\u00f6tigen, ist das auch kein Problem, die Praxis stellt Ihnen ein Folgerezept aus. <br \/><\/span><span class=\"s1\">Wenn Sie die Pumpe ohne Rezept ausleihen m\u00f6chten, berechnen wir 20\u20ac f\u00fcr eine Mindestmietdauer von 4 Wochen. <\/span><\/p><p><strong>Sie ben\u00f6tigen eine Babywaage?<br \/><\/strong>Zur Kontrolle der normalen Entwicklung Ihres Kindes ist regelm\u00e4\u00dfiges Wiegen in der ersten Wochen hilfreich.<br \/>Bei uns k\u00f6nnen Sie eine geeignete Babywaage ausleihen.<br \/>Wir ben\u00f6tigen von Ihnen einen Personalausweis und 10\u20ac Kaution.<\/p><\/div>\n\t\t\t\t<\/div>\n\t\t\t\t\t\t\t\t<\/div>\n\t\t\t\t\t\t<\/div>\n\t\t\t\t<\/div>\n\t\t\t\t<div class=\"elementor-element elementor-element-fdc8edb elementor-tablet-align-center elementor-icon-list--layout-traditional elementor-list-item-link-full_width elementor-widget elementor-widget-icon-list\" data-id=\"fdc8edb\" data-element_type=\"widget\" data-e-type=\"widget\" data-widget_type=\"icon-list.default\">\n\t\t\t\t<div class=\"elementor-widget-container\">\n\t\t\t\t\t\t\t<ul class=\"elementor-icon-list-items\">\n\t\t\t\t\t\t\t<li class=\"elementor-icon-list-item\">\n\t\t\t\t\t\t\t\t\t\t<span class=\"elementor-icon-list-text\">Montag, Dienstag, Donnerstag<br>    8:00 - 13:00 Uhr<br>14:00 - 18:30 Uhr<\/span>\n\t\t\t\t\t\t\t\t\t<\/li>\n\t\t\t\t\t\t\t\t<li class=\"elementor-icon-list-item\">\n\t\t\t\t\t\t\t\t\t\t<span class=\"elementor-icon-list-text\">Mittwoch &amp; Freitag<br>08:00 - 13:00 Uhr<br>14:00 - 18:00 Uhr<\/span>\n\t\t\t\t\t\t\t\t\t<\/li>\n\t\t\t\t\t\t\t\t<li class=\"elementor-icon-list-item\">\n\t\t\t\t\t\t\t\t\t\t<span class=\"elementor-icon-list-text\">Samstag<br>  9:00 - 12:30 Uhr<\/span>\n\t\t\t\t\t\t\t\t\t<\/li>\n\t\t\t\t\t\t<\/ul>\n\t\t\t\t\t\t<\/div>\n\t\t\t\t<\/div>\n\t\t\t\t<div class=\"elementor-element elementor-element-4fe4321 elementor-widget elementor-widget-spacer\" data-id=\"4fe4321\" data-element_type=\"widget\" data-e-type=\"widget\" data-widget_type=\"spacer.default\">\n\t\t\t\t<div class=\"elementor-widget-container\">\n\t\t\t\t\t\t\t<div class=\"elementor-spacer\">\n\t\t\t<div class=\"elementor-spacer-inner\"><\/div>\n\t\t<\/div>\n\t\t\t\t\t\t<\/div>\n\t\t\t\t<\/div>\n\t\t\t\t<div class=\"elementor-element elementor-element-559541f elementor-widget elementor-widget-spacer\" data-id=\"559541f\" data-element_type=\"widget\" data-e-type=\"widget\" data-widget_type=\"spacer.default\">\n\t\t\t\t<div class=\"elementor-widget-container\">\n\t\t\t\t\t\t\t<div class=\"elementor-spacer\">\n\t\t\t<div class=\"elementor-spacer-inner\"><\/div>\n\t\t<\/div>\n\t\t\t\t\t\t<\/div>\n\t\t\t\t<\/div>\n\t\t\t\t\t<\/div>\n\t\t<\/div>\n\t\t\t\t\t<\/div>\n\t\t<\/section>\n\t\t\t\t<\/div>\n\t\t","protected":false},"excerpt":{"rendered":"<p>Leistungen Anmessung von Kompressionsstr\u00fcmpfen, Bandagen uvm. \u00a0 Genau wie die Sanit\u00e4tsh\u00e4user messen wir Ihnen Ihre Kompressionsstr\u00fcmpfe, Bandagen etc. individuell an. (Damit Kompressionsstr\u00fcmpfe sp\u00e4ter optimal sitzen, nimmt man die Messung am besten am fr\u00fchen Vormittag vor.) Haben Sie ein Rezept vom Arzt? Dann \u00fcbernimmt den Gro\u00dfteil der Kosten Ihre Krankenkasse. Jetzt Termin vereinbaren Blutdruckmessung Kommen Sie&hellip; <a class=\"continue\" href=\"https:\/\/neu.marien-apotheke-dalum.de\/?page_id=9\">Continue Reading<span> Leistungen<\/span><\/a><\/p>\n","protected":false},"author":1,"featured_media":0,"parent":0,"menu_order":0,"comment_status":"closed","ping_status":"closed","template":"full-width.php","meta":{"_acf_changed":false,"footnotes":""},"class_list":["post-9","page","type-page","status-publish","hentry"],"acf":[],"_links":{"self":[{"href":"https:\/\/neu.marien-apotheke-dalum.de\/index.php?rest_route=\/wp\/v2\/pages\/9","targetHints":{"allow":["GET"]}}],"collection":[{"href":"https:\/\/neu.marien-apotheke-dalum.de\/index.php?rest_route=\/wp\/v2\/pages"}],"about":[{"href":"https:\/\/neu.marien-apotheke-dalum.de\/index.php?rest_route=\/wp\/v2\/types\/page"}],"author":[{"embeddable":true,"href":"https:\/\/neu.marien-apotheke-dalum.de\/index.php?rest_route=\/wp\/v2\/users\/1"}],"replies":[{"embeddable":true,"href":"https:\/\/neu.marien-apotheke-dalum.de\/index.php?rest_route=%2Fwp%2Fv2%2Fcomments&post=9"}],"version-history":[{"count":255,"href":"https:\/\/neu.marien-apotheke-dalum.de\/index.php?rest_route=\/wp\/v2\/pages\/9\/revisions"}],"predecessor-version":[{"id":2083,"href":"https:\/\/neu.marien-apotheke-dalum.de\/index.php?rest_route=\/wp\/v2\/pages\/9\/revisions\/2083"}],"wp:attachment":[{"href":"https:\/\/neu.marien-apotheke-dalum.de\/index.php?rest_route=%2Fwp%2Fv2%2Fmedia&parent=9"}],"curies":[{"name":"wp","href":"https:\/\/api.w.org\/{rel}","templated":true}]}}